{"id":2459,"date":"2025-07-28T17:23:21","date_gmt":"2025-07-28T17:23:21","guid":{"rendered":"https:\/\/www.rentacarcor.cl\/?page_id=2459"},"modified":"2025-11-18T20:12:20","modified_gmt":"2025-11-18T20:12:20","slug":"bmw","status":"publish","type":"page","link":"https:\/\/www.rentacarcor.cl\/index.php\/bmw\/","title":{"rendered":"Arrienda un BMW en Santiago"},"content":{"rendered":"\t\t<div data-elementor-type=\"wp-page\" data-elementor-id=\"2459\" class=\"elementor elementor-2459\" data-elementor-post-type=\"page\">\n\t\t\t\t<div class=\"elementor-element elementor-element-9a981c9 e-flex e-con-boxed e-con e-parent\" data-id=\"9a981c9\" data-element_type=\"container\" data-settings=\"{&quot;background_background&quot;:&quot;classic&quot;}\">\n\t\t\t\t\t<div class=\"e-con-inner\">\n\t\t<div class=\"elementor-element elementor-element-3a78012 e-con-full e-flex e-con e-child\" data-id=\"3a78012\" data-element_type=\"container\">\n\t\t\t\t<div class=\"elementor-element elementor-element-ecee489 elementor-widget__width-auto elementor-widget elementor-widget-heading\" data-id=\"ecee489\" data-element_type=\"widget\" data-widget_type=\"heading.default\">\n\t\t\t\t<div class=\"elementor-widget-container\">\n\t\t\t\t\t<span class=\"elementor-heading-title elementor-size-default\">Arrienda nuestro BMW M760 Li: <\/span>\t\t\t\t<\/div>\n\t\t\t\t<\/div>\n\t\t\t\t<div class=\"elementor-element elementor-element-35b03bc elementor-widget__width-initial elementor-widget-mobile__width-initial elementor-widget elementor-widget-heading\" data-id=\"35b03bc\" data-element_type=\"widget\" data-widget_type=\"heading.default\">\n\t\t\t\t<div class=\"elementor-widget-container\">\n\t\t\t\t\t<h1 class=\"elementor-heading-title elementor-size-default\"><span class=\"highlight\">Potencia y Exclusividad<\/span> al Servicio del Transporte de Lujo.<\/h1>\t\t\t\t<\/div>\n\t\t\t\t<\/div>\n\t\t\t\t<div class=\"elementor-element elementor-element-3122bbd elementor-widget__width-initial elementor-widget-mobile__width-initial elementor-widget elementor-widget-heading\" data-id=\"3122bbd\" data-element_type=\"widget\" data-widget_type=\"heading.default\">\n\t\t\t\t<div class=\"elementor-widget-container\">\n\t\t\t\t\t<p class=\"elementor-heading-title elementor-size-default\">El BMW M760Li representa la uni\u00f3n perfecta entre la ingenier\u00eda de alto rendimiento de la divisi\u00f3n M y el refinamiento absoluto de la Serie 7. Dise\u00f1ado para quienes buscan algo m\u00e1s que un simple traslado, este sed\u00e1n de ultra lujo ofrece una experiencia donde la velocidad, la comodidad y la tecnolog\u00eda se combinan en un entorno discreto y elegante.<\/p>\t\t\t\t<\/div>\n\t\t\t\t<\/div>\n\t\t\t\t<div class=\"elementor-element elementor-element-72ac7ce hover-izq elementor-widget elementor-widget-button\" data-id=\"72ac7ce\" data-element_type=\"widget\" data-widget_type=\"button.default\">\n\t\t\t\t<div class=\"elementor-widget-container\">\n\t\t\t\t\t\t\t\t\t<div class=\"elementor-button-wrapper\">\n\t\t\t\t\t<a class=\"elementor-button elementor-button-link elementor-size-sm\" href=\"#\">\n\t\t\t\t\t\t<span class=\"elementor-button-content-wrapper\">\n\t\t\t\t\t\t\t\t\t<span class=\"elementor-button-text\">Solicitar<\/span>\n\t\t\t\t\t<\/span>\n\t\t\t\t\t<\/a>\n\t\t\t\t<\/div>\n\t\t\t\t\t\t\t\t<\/div>\n\t\t\t\t<\/div>\n\t\t\t\t<\/div>\n\t\t\t\t\t<\/div>\n\t\t\t\t<\/div>\n\t\t<div class=\"elementor-element elementor-element-9e84737 e-con-full e-flex e-con e-parent\" data-id=\"9e84737\" data-element_type=\"container\">\n\t\t<div class=\"elementor-element elementor-element-f7dc507 e-con-full e-flex e-con e-child\" data-id=\"f7dc507\" data-element_type=\"container\" data-settings=\"{&quot;background_background&quot;:&quot;classic&quot;}\">\n\t\t\t\t<div class=\"elementor-element elementor-element-3dab986 elementor-widget__width-initial elementor-widget elementor-widget-heading\" data-id=\"3dab986\" data-element_type=\"widget\" data-widget_type=\"heading.default\">\n\t\t\t\t<div class=\"elementor-widget-container\">\n\t\t\t\t\t<h2 class=\"elementor-heading-title elementor-size-default\">Esos momentos especiales es mejor vivirlos junto a un BMW.<\/h2>\t\t\t\t<\/div>\n\t\t\t\t<\/div>\n\t\t\t\t<div class=\"elementor-element elementor-element-c879325 elementor-widget__width-initial elementor-hidden-tablet elementor-hidden-mobile elementor-widget elementor-widget-heading\" data-id=\"c879325\" data-element_type=\"widget\" data-widget_type=\"heading.default\">\n\t\t\t\t<div class=\"elementor-widget-container\">\n\t\t\t\t\t<p class=\"elementor-heading-title elementor-size-default\">Sin importar cu\u00e1l sea tu destino, contrata nuestro servicio y cuenta con un chofer profesional durante el tiempo que necesites.\u200b<\/p>\t\t\t\t<\/div>\n\t\t\t\t<\/div>\n\t\t<div class=\"elementor-element elementor-element-9fd06f6 e-con-full e-flex e-con e-child\" data-id=\"9fd06f6\" data-element_type=\"container\">\n\t\t<div class=\"elementor-element elementor-element-4823916 e-con-full e-flex e-con e-child\" data-id=\"4823916\" data-element_type=\"container\" data-settings=\"{&quot;background_background&quot;:&quot;classic&quot;}\">\n\t\t\t\t<div class=\"elementor-element elementor-element-ab7f496 elementor-widget__width-initial elementor-widget elementor-widget-heading\" data-id=\"ab7f496\" data-element_type=\"widget\" data-widget_type=\"heading.default\">\n\t\t\t\t<div class=\"elementor-widget-container\">\n\t\t\t\t\t<h2 class=\"elementor-heading-title elementor-size-default\">Spots publicitarios.<\/h2>\t\t\t\t<\/div>\n\t\t\t\t<\/div>\n\t\t\t\t<div class=\"elementor-element elementor-element-a7f91a9 elementor-widget__width-initial elementor-widget elementor-widget-heading\" data-id=\"a7f91a9\" data-element_type=\"widget\" data-widget_type=\"heading.default\">\n\t\t\t\t<div class=\"elementor-widget-container\">\n\t\t\t\t\t<p class=\"elementor-heading-title elementor-size-default\">Ideal para lanzamientos de productos, activaciones publicitarias o presentaciones donde el transporte debe ser parte de la experiencia de marca.\n<\/p>\t\t\t\t<\/div>\n\t\t\t\t<\/div>\n\t\t\t\t<div class=\"elementor-element elementor-element-8e6b203 hover-izq elementor-widget elementor-widget-button\" data-id=\"8e6b203\" data-element_type=\"widget\" data-widget_type=\"button.default\">\n\t\t\t\t<div class=\"elementor-widget-container\">\n\t\t\t\t\t\t\t\t\t<div class=\"elementor-button-wrapper\">\n\t\t\t\t\t<a class=\"elementor-button elementor-button-link elementor-size-sm\" href=\"#\">\n\t\t\t\t\t\t<span class=\"elementor-button-content-wrapper\">\n\t\t\t\t\t\t\t\t\t<span class=\"elementor-button-text\">Solicitar<\/span>\n\t\t\t\t\t<\/span>\n\t\t\t\t\t<\/a>\n\t\t\t\t<\/div>\n\t\t\t\t\t\t\t\t<\/div>\n\t\t\t\t<\/div>\n\t\t\t\t<\/div>\n\t\t<div class=\"elementor-element elementor-element-4aa4d86 e-con-full e-flex e-con e-child\" data-id=\"4aa4d86\" data-element_type=\"container\">\n\t\t\t\t<div class=\"elementor-element elementor-element-0bee79d elementor-widget__width-initial elementor-widget elementor-widget-heading\" data-id=\"0bee79d\" data-element_type=\"widget\" data-widget_type=\"heading.default\">\n\t\t\t\t<div class=\"elementor-widget-container\">\n\t\t\t\t\t<h2 class=\"elementor-heading-title elementor-size-default\">Matrimonios y Celebraciones<\/h2>\t\t\t\t<\/div>\n\t\t\t\t<\/div>\n\t\t\t\t<div class=\"elementor-element elementor-element-8f251b9 elementor-widget__width-initial elementor-widget elementor-widget-heading\" data-id=\"8f251b9\" data-element_type=\"widget\" data-widget_type=\"heading.default\">\n\t\t\t\t<div class=\"elementor-widget-container\">\n\t\t\t\t\t<p class=\"elementor-heading-title elementor-size-default\">Haz de tu matrimonio un evento inolvidable con una llegada elegante y sofisticada.\nTambi\u00e9n disponible para aniversarios, galas y eventos familiares de alto perfil.\n\n<\/p>\t\t\t\t<\/div>\n\t\t\t\t<\/div>\n\t\t\t\t<div class=\"elementor-element elementor-element-82e7980 hover-izq elementor-widget elementor-widget-button\" data-id=\"82e7980\" data-element_type=\"widget\" data-widget_type=\"button.default\">\n\t\t\t\t<div class=\"elementor-widget-container\">\n\t\t\t\t\t\t\t\t\t<div class=\"elementor-button-wrapper\">\n\t\t\t\t\t<a class=\"elementor-button elementor-button-link elementor-size-sm\" href=\"#\">\n\t\t\t\t\t\t<span class=\"elementor-button-content-wrapper\">\n\t\t\t\t\t\t\t\t\t<span class=\"elementor-button-text\">Solicitar<\/span>\n\t\t\t\t\t<\/span>\n\t\t\t\t\t<\/a>\n\t\t\t\t<\/div>\n\t\t\t\t\t\t\t\t<\/div>\n\t\t\t\t<\/div>\n\t\t\t\t<\/div>\n\t\t\t\t<\/div>\n\t\t<div class=\"elementor-element elementor-element-60ee458 e-con-full e-flex e-con e-child\" data-id=\"60ee458\" data-element_type=\"container\">\n\t\t<div class=\"elementor-element elementor-element-493eb0c e-con-full e-flex e-con e-child\" data-id=\"493eb0c\" data-element_type=\"container\">\n\t\t\t\t<div class=\"elementor-element elementor-element-a87f070 elementor-widget__width-initial elementor-widget elementor-widget-heading\" data-id=\"a87f070\" data-element_type=\"widget\" data-widget_type=\"heading.default\">\n\t\t\t\t<div class=\"elementor-widget-container\">\n\t\t\t\t\t<h2 class=\"elementor-heading-title elementor-size-default\">Producciones Audiovisuales\n<\/h2>\t\t\t\t<\/div>\n\t\t\t\t<\/div>\n\t\t\t\t<div class=\"elementor-element elementor-element-56fd0f6 elementor-widget__width-initial elementor-widget elementor-widget-heading\" data-id=\"56fd0f6\" data-element_type=\"widget\" data-widget_type=\"heading.default\">\n\t\t\t\t<div class=\"elementor-widget-container\">\n\t\t\t\t\t<p class=\"elementor-heading-title elementor-size-default\">Arrienda por d\u00eda o por proyecto para videoclips, comerciales, sesiones de fotos o pel\u00edculas donde se requiere un veh\u00edculo imponente y de alta gama.\n<\/p>\t\t\t\t<\/div>\n\t\t\t\t<\/div>\n\t\t\t\t<div class=\"elementor-element elementor-element-cfc0b66 hover-izq elementor-widget elementor-widget-button\" data-id=\"cfc0b66\" data-element_type=\"widget\" data-widget_type=\"button.default\">\n\t\t\t\t<div class=\"elementor-widget-container\">\n\t\t\t\t\t\t\t\t\t<div class=\"elementor-button-wrapper\">\n\t\t\t\t\t<a class=\"elementor-button elementor-button-link elementor-size-sm\" href=\"#\">\n\t\t\t\t\t\t<span class=\"elementor-button-content-wrapper\">\n\t\t\t\t\t\t\t\t\t<span class=\"elementor-button-text\">Solicitar<\/span>\n\t\t\t\t\t<\/span>\n\t\t\t\t\t<\/a>\n\t\t\t\t<\/div>\n\t\t\t\t\t\t\t\t<\/div>\n\t\t\t\t<\/div>\n\t\t\t\t<\/div>\n\t\t<div class=\"elementor-element elementor-element-8859822 e-con-full e-flex e-con e-child\" data-id=\"8859822\" data-element_type=\"container\" data-settings=\"{&quot;background_background&quot;:&quot;classic&quot;}\">\n\t\t\t\t<div class=\"elementor-element elementor-element-04ca3a8 elementor-widget__width-initial elementor-widget elementor-widget-heading\" data-id=\"04ca3a8\" data-element_type=\"widget\" data-widget_type=\"heading.default\">\n\t\t\t\t<div class=\"elementor-widget-container\">\n\t\t\t\t\t<h2 class=\"elementor-heading-title elementor-size-default\">Transporte y Turismo<\/h2>\t\t\t\t<\/div>\n\t\t\t\t<\/div>\n\t\t\t\t<div class=\"elementor-element elementor-element-370eb6f elementor-widget__width-initial elementor-widget elementor-widget-heading\" data-id=\"370eb6f\" data-element_type=\"widget\" data-widget_type=\"heading.default\">\n\t\t\t\t<div class=\"elementor-widget-container\">\n\t\t\t\t\t<p class=\"elementor-heading-title elementor-size-default\">Te acompa\u00f1amos a lo largo de tu city tour, hacia hospedajes y hoteles. Ideal para turistas o pasajeros que buscan comodidad y exclusividad a la vez.\n\n<\/p>\t\t\t\t<\/div>\n\t\t\t\t<\/div>\n\t\t\t\t<div class=\"elementor-element elementor-element-eb78962 hover-izq elementor-widget elementor-widget-button\" data-id=\"eb78962\" data-element_type=\"widget\" data-widget_type=\"button.default\">\n\t\t\t\t<div class=\"elementor-widget-container\">\n\t\t\t\t\t\t\t\t\t<div class=\"elementor-button-wrapper\">\n\t\t\t\t\t<a class=\"elementor-button elementor-button-link elementor-size-sm\" href=\"#\">\n\t\t\t\t\t\t<span class=\"elementor-button-content-wrapper\">\n\t\t\t\t\t\t\t\t\t<span class=\"elementor-button-text\">Solicitar<\/span>\n\t\t\t\t\t<\/span>\n\t\t\t\t\t<\/a>\n\t\t\t\t<\/div>\n\t\t\t\t\t\t\t\t<\/div>\n\t\t\t\t<\/div>\n\t\t\t\t<\/div>\n\t\t\t\t<\/div>\n\t\t\t\t<\/div>\n\t\t\t\t<\/div>\n\t\t<div class=\"elementor-element elementor-element-a29a791 e-flex e-con-boxed e-con e-parent\" data-id=\"a29a791\" data-element_type=\"container\" data-settings=\"{&quot;background_background&quot;:&quot;classic&quot;}\">\n\t\t\t\t\t<div class=\"e-con-inner\">\n\t\t<div class=\"elementor-element elementor-element-a567b8b e-con-full e-flex e-con e-child\" data-id=\"a567b8b\" data-element_type=\"container\" data-settings=\"{&quot;background_background&quot;:&quot;classic&quot;}\">\n\t\t\t\t<\/div>\n\t\t<div class=\"elementor-element elementor-element-8a16071 e-con-full e-flex e-con e-child\" data-id=\"8a16071\" data-element_type=\"container\" data-settings=\"{&quot;background_background&quot;:&quot;classic&quot;}\">\n\t\t\t\t<\/div>\n\t\t\t\t\t<\/div>\n\t\t\t\t<\/div>\n\t\t<div class=\"elementor-element elementor-element-a0d9d4d e-flex e-con-boxed e-con e-parent\" data-id=\"a0d9d4d\" data-element_type=\"container\" data-settings=\"{&quot;background_background&quot;:&quot;classic&quot;}\">\n\t\t\t\t\t<div class=\"e-con-inner\">\n\t\t<div class=\"elementor-element elementor-element-4d73e15 e-con-full e-flex e-con e-child\" data-id=\"4d73e15\" data-element_type=\"container\" data-settings=\"{&quot;background_background&quot;:&quot;classic&quot;}\">\n\t\t\t\t<\/div>\n\t\t<div class=\"elementor-element elementor-element-c40c5e5 e-con-full e-flex e-con e-child\" data-id=\"c40c5e5\" data-element_type=\"container\" data-settings=\"{&quot;background_background&quot;:&quot;classic&quot;}\">\n\t\t\t\t<\/div>\n\t\t\t\t\t<\/div>\n\t\t\t\t<\/div>\n\t\t<div class=\"elementor-element elementor-element-a8ecf23 e-flex e-con-boxed e-con e-parent\" data-id=\"a8ecf23\" data-element_type=\"container\" data-settings=\"{&quot;background_background&quot;:&quot;classic&quot;}\">\n\t\t\t\t\t<div class=\"e-con-inner\">\n\t\t<div class=\"elementor-element elementor-element-da6b780 e-con-full e-flex e-con e-child\" data-id=\"da6b780\" data-element_type=\"container\" data-settings=\"{&quot;background_background&quot;:&quot;classic&quot;}\">\n\t\t\t\t<\/div>\n\t\t<div class=\"elementor-element elementor-element-6bcfde3 e-con-full e-flex e-con e-child\" data-id=\"6bcfde3\" data-element_type=\"container\" data-settings=\"{&quot;background_background&quot;:&quot;classic&quot;}\">\n\t\t\t\t<\/div>\n\t\t\t\t\t<\/div>\n\t\t\t\t<\/div>\n\t\t<div class=\"elementor-element elementor-element-82b288a e-flex e-con-boxed e-con e-parent\" data-id=\"82b288a\" data-element_type=\"container\" data-settings=\"{&quot;background_background&quot;:&quot;classic&quot;}\">\n\t\t\t\t\t<div class=\"e-con-inner\">\n\t\t<div class=\"elementor-element elementor-element-3fef200 e-con-full e-flex e-con e-child\" data-id=\"3fef200\" data-element_type=\"container\" data-settings=\"{&quot;background_background&quot;:&quot;classic&quot;}\">\n\t\t\t\t<div class=\"elementor-element elementor-element-d6bddad elementor-widget__width-initial elementor-widget elementor-widget-heading\" data-id=\"d6bddad\" data-element_type=\"widget\" data-widget_type=\"heading.default\">\n\t\t\t\t<div class=\"elementor-widget-container\">\n\t\t\t\t\t<h2 class=\"elementor-heading-title elementor-size-default\"><span class=\"highlight\">BMW M760 Li<\/span><\/h2>\t\t\t\t<\/div>\n\t\t\t\t<\/div>\n\t\t\t\t<div class=\"elementor-element elementor-element-d8bc506 elementor-widget__width-initial elementor-widget elementor-widget-heading\" data-id=\"d8bc506\" data-element_type=\"widget\" data-widget_type=\"heading.default\">\n\t\t\t\t<div class=\"elementor-widget-container\">\n\t\t\t\t\t<p class=\"elementor-heading-title elementor-size-default\">Su presencia es inconfundible: l\u00edneas alargadas, detalles cromados y una parrilla ic\u00f3nica que reflejan <span class=\"highlight\">sofisticaci\u00f3n y autoridad.<\/span> En el mundo del transporte de lujo, el M760Li se ha convertido en un s\u00edmbolo de distinci\u00f3n, utilizado en servicios premium donde la imagen y el confort son esenciales, como traslados ejecutivos de alto nivel y viajes corporativos internacionales.<\/p>\t\t\t\t<\/div>\n\t\t\t\t<\/div>\n\t\t\t\t<div class=\"elementor-element elementor-element-d2a47f3 elementor-widget__width-initial elementor-widget elementor-widget-heading\" data-id=\"d2a47f3\" data-element_type=\"widget\" data-widget_type=\"heading.default\">\n\t\t\t\t<div class=\"elementor-widget-container\">\n\t\t\t\t\t<p class=\"elementor-heading-title elementor-size-default\">Tracci\u00f3n 4x4 | Transmisi\u00f3n autom\u00e1tica | 4 pasajeros<\/p>\t\t\t\t<\/div>\n\t\t\t\t<\/div>\n\t\t\t\t<\/div>\n\t\t\t\t\t<\/div>\n\t\t\t\t<\/div>\n\t\t<div class=\"elementor-element elementor-element-e7da410 e-flex e-con-boxed e-con e-parent\" data-id=\"e7da410\" data-element_type=\"container\" data-settings=\"{&quot;background_background&quot;:&quot;classic&quot;}\">\n\t\t\t\t\t<div class=\"e-con-inner\">\n\t\t\t\t<div class=\"elementor-element elementor-element-30a6e61 elementor-widget__width-initial elementor-widget elementor-widget-n-accordion\" data-id=\"30a6e61\" data-element_type=\"widget\" data-settings=\"{&quot;default_state&quot;:&quot;all_collapsed&quot;,&quot;max_items_expended&quot;:&quot;one&quot;,&quot;n_accordion_animation_duration&quot;:{&quot;unit&quot;:&quot;ms&quot;,&quot;size&quot;:400,&quot;sizes&quot;:[]}}\" data-widget_type=\"nested-accordion.default\">\n\t\t\t\t<div class=\"elementor-widget-container\">\n\t\t\t\t\t\t\t<div class=\"e-n-accordion\" aria-label=\"Accordion. Open links with Enter or Space, close with Escape, and navigate with Arrow Keys\">\n\t\t\t\t\t\t<details id=\"e-n-accordion-item-5100\" class=\"e-n-accordion-item\" >\n\t\t\t\t<summary class=\"e-n-accordion-item-title\" data-accordion-index=\"1\" tabindex=\"0\" aria-expanded=\"false\" aria-controls=\"e-n-accordion-item-5100\" >\n\t\t\t\t\t<span class='e-n-accordion-item-title-header'><div class=\"e-n-accordion-item-title-text\"> Interior para el M\u00e1ximo Comfort <\/div><\/span>\n\t\t\t\t\t\t\t\t\t<\/summary>\n\t\t\t\t<div role=\"region\" aria-labelledby=\"e-n-accordion-item-5100\" class=\"elementor-element elementor-element-d3eda99 e-con-full e-flex e-con e-child\" data-id=\"d3eda99\" data-element_type=\"container\">\n\t\t<div role=\"region\" aria-labelledby=\"e-n-accordion-item-5100\" class=\"elementor-element elementor-element-6ac9203 e-flex e-con-boxed e-con e-child\" data-id=\"6ac9203\" data-element_type=\"container\">\n\t\t\t\t\t<div class=\"e-con-inner\">\n\t\t\t\t<div class=\"elementor-element elementor-element-865c6be elementor-widget__width-initial elementor-widget elementor-widget-heading\" data-id=\"865c6be\" data-element_type=\"widget\" data-widget_type=\"heading.default\">\n\t\t\t\t<div class=\"elementor-widget-container\">\n\t\t\t\t\t<p class=\"elementor-heading-title elementor-size-default\">Una cabina dise\u00f1ada para convertir cada trayecto en una experiencia exclusiva. Los materiales son de la m\u00e1s alta calidad: cuero fino, madera artesanal y detalles met\u00e1licos que reflejan precisi\u00f3n alemana.<\/p>\t\t\t\t<\/div>\n\t\t\t\t<\/div>\n\t\t\t\t\t<\/div>\n\t\t\t\t<\/div>\n\t\t\t\t<\/div>\n\t\t\t\t\t<\/details>\n\t\t\t\t\t\t<details id=\"e-n-accordion-item-5101\" class=\"e-n-accordion-item\" >\n\t\t\t\t<summary class=\"e-n-accordion-item-title\" data-accordion-index=\"2\" tabindex=\"-1\" aria-expanded=\"false\" aria-controls=\"e-n-accordion-item-5101\" >\n\t\t\t\t\t<span class='e-n-accordion-item-title-header'><div class=\"e-n-accordion-item-title-text\"> Rendimiento Silencioso y Seguro <\/div><\/span>\n\t\t\t\t\t\t\t\t\t<\/summary>\n\t\t\t\t<div role=\"region\" aria-labelledby=\"e-n-accordion-item-5101\" class=\"elementor-element elementor-element-cf4cd07 e-con-full e-flex e-con e-child\" data-id=\"cf4cd07\" data-element_type=\"container\">\n\t\t<div role=\"region\" aria-labelledby=\"e-n-accordion-item-5101\" class=\"elementor-element elementor-element-6717343 e-flex e-con-boxed e-con e-child\" data-id=\"6717343\" data-element_type=\"container\">\n\t\t\t\t\t<div class=\"e-con-inner\">\n\t\t\t\t<div class=\"elementor-element elementor-element-d59680f elementor-widget__width-initial elementor-widget elementor-widget-heading\" data-id=\"d59680f\" data-element_type=\"widget\" data-widget_type=\"heading.default\">\n\t\t\t\t<div class=\"elementor-widget-container\">\n\t\t\t\t\t<p class=\"elementor-heading-title elementor-size-default\">Un motor V12 biturbo que combina potencia imponente con un andar sorprendentemente suave. La tracci\u00f3n integral xDrive y la suspensi\u00f3n adaptativa aseguran estabilidad y seguridad, incluso a altas velocidades, manteniendo siempre un ambiente de calma en el interior.<\/p>\t\t\t\t<\/div>\n\t\t\t\t<\/div>\n\t\t\t\t\t<\/div>\n\t\t\t\t<\/div>\n\t\t\t\t<\/div>\n\t\t\t\t\t<\/details>\n\t\t\t\t\t\t<details id=\"e-n-accordion-item-5102\" class=\"e-n-accordion-item\" >\n\t\t\t\t<summary class=\"e-n-accordion-item-title\" data-accordion-index=\"3\" tabindex=\"-1\" aria-expanded=\"false\" aria-controls=\"e-n-accordion-item-5102\" >\n\t\t\t\t\t<span class='e-n-accordion-item-title-header'><div class=\"e-n-accordion-item-title-text\"> Tecnolog\u00eda Avanzada <\/div><\/span>\n\t\t\t\t\t\t\t\t\t<\/summary>\n\t\t\t\t<div role=\"region\" aria-labelledby=\"e-n-accordion-item-5102\" class=\"elementor-element elementor-element-e6368f6 e-con-full e-flex e-con e-child\" data-id=\"e6368f6\" data-element_type=\"container\">\n\t\t<div role=\"region\" aria-labelledby=\"e-n-accordion-item-5102\" class=\"elementor-element elementor-element-f4561db e-flex e-con-boxed e-con e-child\" data-id=\"f4561db\" data-element_type=\"container\">\n\t\t\t\t\t<div class=\"e-con-inner\">\n\t\t\t\t<div class=\"elementor-element elementor-element-e1a1d5e elementor-widget__width-initial elementor-widget elementor-widget-heading\" data-id=\"e1a1d5e\" data-element_type=\"widget\" data-widget_type=\"heading.default\">\n\t\t\t\t<div class=\"elementor-widget-container\">\n\t\t\t\t\t<p class=\"elementor-heading-title elementor-size-default\">El M760 Li ofrece innovaciones como sistemas de asistencia al conductor, aislamiento ac\u00fastico de nivel superior y un conjunto tecnol\u00f3gico dise\u00f1ado para que cada pasajero disfrute de conectividad y entretenimiento sin interrupciones.<\/p>\t\t\t\t<\/div>\n\t\t\t\t<\/div>\n\t\t\t\t\t<\/div>\n\t\t\t\t<\/div>\n\t\t\t\t<\/div>\n\t\t\t\t\t<\/details>\n\t\t\t\t\t<\/div>\n\t\t\t\t\t\t<\/div>\n\t\t\t\t<\/div>\n\t\t\t\t\t<\/div>\n\t\t\t\t<\/div>\n\t\t<div class=\"elementor-element elementor-element-c73c036 e-flex e-con-boxed e-con e-parent\" data-id=\"c73c036\" data-element_type=\"container\">\n\t\t\t\t\t<div class=\"e-con-inner\">\n\t\t<div class=\"elementor-element elementor-element-fe32ec9 e-con-full e-flex e-con e-child\" data-id=\"fe32ec9\" data-element_type=\"container\">\n\t\t\t\t<div class=\"elementor-element elementor-element-0ba8986 elementor-widget elementor-widget-heading\" data-id=\"0ba8986\" data-element_type=\"widget\" data-widget_type=\"heading.default\">\n\t\t\t\t<div class=\"elementor-widget-container\">\n\t\t\t\t\t<h2 class=\"elementor-heading-title elementor-size-default\">Contacto<\/h2>\t\t\t\t<\/div>\n\t\t\t\t<\/div>\n\t\t<div class=\"elementor-element elementor-element-8b750ef e-con-full e-flex e-con e-child\" data-id=\"8b750ef\" data-element_type=\"container\">\n\t\t<div class=\"elementor-element elementor-element-c6e08b9 e-flex e-con-boxed e-con e-child\" data-id=\"c6e08b9\" data-element_type=\"container\" data-settings=\"{&quot;background_background&quot;:&quot;classic&quot;}\">\n\t\t\t\t\t<div class=\"e-con-inner\">\n\t\t\t\t<div class=\"elementor-element elementor-element-f4bf06e elementor-widget__width-auto elementor-widget elementor-widget-heading\" data-id=\"f4bf06e\" data-element_type=\"widget\" data-widget_type=\"heading.default\">\n\t\t\t\t<div class=\"elementor-widget-container\">\n\t\t\t\t\t<span class=\"elementor-heading-title elementor-size-default\">NOMBRE y APELLIDO<\/span>\t\t\t\t<\/div>\n\t\t\t\t<\/div>\n\t\t\t\t<div class=\"elementor-element elementor-element-06d93a6 elementor-widget__width-initial elementor-widget elementor-widget-heading\" data-id=\"06d93a6\" data-element_type=\"widget\" data-widget_type=\"heading.default\">\n\t\t\t\t<div class=\"elementor-widget-container\">\n\t\t\t\t\t<span class=\"elementor-heading-title elementor-size-default\">Extensi\u00f3n de texto<\/span>\t\t\t\t<\/div>\n\t\t\t\t<\/div>\n\t\t\t\t<div class=\"elementor-element elementor-element-74725d0 elementor-widget__width-auto elementor-widget elementor-widget-heading\" data-id=\"74725d0\" data-element_type=\"widget\" data-widget_type=\"heading.default\">\n\t\t\t\t<div class=\"elementor-widget-container\">\n\t\t\t\t\t<span class=\"elementor-heading-title elementor-size-default\">CORREO ELECTR\u00d3NICO<\/span>\t\t\t\t<\/div>\n\t\t\t\t<\/div>\n\t\t\t\t<div class=\"elementor-element elementor-element-5da3285 elementor-widget__width-initial elementor-widget elementor-widget-heading\" data-id=\"5da3285\" data-element_type=\"widget\" data-widget_type=\"heading.default\">\n\t\t\t\t<div class=\"elementor-widget-container\">\n\t\t\t\t\t<span class=\"elementor-heading-title elementor-size-default\">Extensi\u00f3n de texto<\/span>\t\t\t\t<\/div>\n\t\t\t\t<\/div>\n\t\t\t\t<div class=\"elementor-element elementor-element-a57cc11 elementor-widget__width-auto elementor-widget elementor-widget-heading\" data-id=\"a57cc11\" data-element_type=\"widget\" data-widget_type=\"heading.default\">\n\t\t\t\t<div class=\"elementor-widget-container\">\n\t\t\t\t\t<span class=\"elementor-heading-title elementor-size-default\">TEL\u00c9FONO (+56)<\/span>\t\t\t\t<\/div>\n\t\t\t\t<\/div>\n\t\t\t\t<div class=\"elementor-element elementor-element-31f85b9 elementor-widget__width-initial elementor-widget elementor-widget-heading\" data-id=\"31f85b9\" data-element_type=\"widget\" data-widget_type=\"heading.default\">\n\t\t\t\t<div class=\"elementor-widget-container\">\n\t\t\t\t\t<span class=\"elementor-heading-title elementor-size-default\">Extensi\u00f3n de texto<\/span>\t\t\t\t<\/div>\n\t\t\t\t<\/div>\n\t\t\t\t<div class=\"elementor-element elementor-element-2162615 elementor-widget__width-auto hover-izq elementor-widget elementor-widget-button\" data-id=\"2162615\" data-element_type=\"widget\" data-widget_type=\"button.default\">\n\t\t\t\t<div class=\"elementor-widget-container\">\n\t\t\t\t\t\t\t\t\t<div class=\"elementor-button-wrapper\">\n\t\t\t\t\t<a class=\"elementor-button elementor-button-link elementor-size-sm\" href=\"#\">\n\t\t\t\t\t\t<span class=\"elementor-button-content-wrapper\">\n\t\t\t\t\t\t\t\t\t<span class=\"elementor-button-text\">Enviar<\/span>\n\t\t\t\t\t<\/span>\n\t\t\t\t\t<\/a>\n\t\t\t\t<\/div>\n\t\t\t\t\t\t\t\t<\/div>\n\t\t\t\t<\/div>\n\t\t\t\t\t<\/div>\n\t\t\t\t<\/div>\n\t\t<div class=\"elementor-element elementor-element-3c94771 e-con-full e-flex e-con e-child\" data-id=\"3c94771\" data-element_type=\"container\">\n\t\t<div class=\"elementor-element elementor-element-10c30e1 e-con-full e-flex e-con e-child\" data-id=\"10c30e1\" data-element_type=\"container\" data-settings=\"{&quot;background_background&quot;:&quot;classic&quot;}\">\n\t\t\t\t<div class=\"elementor-element elementor-element-9e07d56 elementor-widget elementor-widget-image\" data-id=\"9e07d56\" data-element_type=\"widget\" data-widget_type=\"image.default\">\n\t\t\t\t<div class=\"elementor-widget-container\">\n\t\t\t\t\t\t\t\t\t\t\t\t\t\t\t\t<a href=\"https:\/\/wa.me\/56973891469?text=Hola%2C%20me%20interesa%20el%20servicio%20de%20arriendo\">\n\t\t\t\t\t\t\t<img decoding=\"async\" width=\"109\" height=\"109\" src=\"https:\/\/www.rentacarcor.cl\/wp-content\/uploads\/2025\/07\/image-2289.png\" class=\"attachment-large size-large wp-image-2376\" alt=\"\" \/>\t\t\t\t\t\t\t\t<\/a>\n\t\t\t\t\t\t\t\t\t\t\t\t\t\t\t<\/div>\n\t\t\t\t<\/div>\n\t\t\t\t<div class=\"elementor-element elementor-element-d48844b elementor-widget__width-initial elementor-widget elementor-widget-heading\" data-id=\"d48844b\" data-element_type=\"widget\" data-widget_type=\"heading.default\">\n\t\t\t\t<div class=\"elementor-widget-container\">\n\t\t\t\t\t<h2 class=\"elementor-heading-title elementor-size-default\"><a href=\"#\">Env\u00edanos un Mensaje Directo.<\/a><\/h2>\t\t\t\t<\/div>\n\t\t\t\t<\/div>\n\t\t\t\t<\/div>\n\t\t<div class=\"elementor-element elementor-element-6be0f64 e-con-full e-flex e-con e-child\" data-id=\"6be0f64\" data-element_type=\"container\" data-settings=\"{&quot;background_background&quot;:&quot;classic&quot;}\">\n\t\t\t\t<div class=\"elementor-element elementor-element-59d4ffc elementor-widget elementor-widget-heading\" data-id=\"59d4ffc\" data-element_type=\"widget\" data-widget_type=\"heading.default\">\n\t\t\t\t<div class=\"elementor-widget-container\">\n\t\t\t\t\t<p class=\"elementor-heading-title elementor-size-default\">Ll\u00e1manos<\/p>\t\t\t\t<\/div>\n\t\t\t\t<\/div>\n\t\t\t\t<div class=\"elementor-element elementor-element-cea27ff elementor-widget elementor-widget-heading\" data-id=\"cea27ff\" data-element_type=\"widget\" data-widget_type=\"heading.default\">\n\t\t\t\t<div class=\"elementor-widget-container\">\n\t\t\t\t\t<p class=\"elementor-heading-title elementor-size-default\">+569 7389 1469<\/p>\t\t\t\t<\/div>\n\t\t\t\t<\/div>\n\t\t\t\t<\/div>\n\t\t\t\t<\/div>\n\t\t\t\t<\/div>\n\t\t\t\t<\/div>\n\t\t\t\t\t<\/div>\n\t\t\t\t<\/div>\n\t\t\t\t<\/div>\n\t\t","protected":false},"excerpt":{"rendered":"<p>Arrienda nuestro BMW M760 Li: Potencia y Exclusividad al Servicio del Transporte de Lujo. El BMW M760Li representa la uni\u00f3n perfecta entre la ingenier\u00eda de alto rendimiento de la divisi\u00f3n M y el refinamiento absoluto de la Serie 7. Dise\u00f1ado para quienes buscan algo m\u00e1s que un simple traslado, este sed\u00e1n de ultra lujo ofrece [&hellip;]<\/p>\n","protected":false},"author":2,"featured_media":0,"parent":0,"menu_order":0,"comment_status":"closed","ping_status":"closed","template":"elementor_header_footer","meta":{"footnotes":""},"class_list":["post-2459","page","type-page","status-publish","hentry"],"yoast_head":"<!-- This site is optimized with the Yoast SEO plugin v26.1.1 - https:\/\/yoast.com\/wordpress\/plugins\/seo\/ -->\n<title>Arrienda un BMW en Santiago - Rentacar cor<\/title>\n<meta name=\"robots\" content=\"index, follow, max-snippet:-1, max-image-preview:large, max-video-preview:-1\" \/>\n<link rel=\"canonical\" href=\"https:\/\/www.rentacarcor.cl\/index.php\/bmw\/\" \/>\n<meta property=\"og:locale\" content=\"es_ES\" \/>\n<meta property=\"og:type\" content=\"article\" \/>\n<meta property=\"og:title\" content=\"Arrienda un BMW en Santiago - Rentacar cor\" \/>\n<meta property=\"og:description\" content=\"Arrienda nuestro BMW M760 Li: Potencia y Exclusividad al Servicio del Transporte de Lujo. El BMW M760Li representa la uni\u00f3n perfecta entre la ingenier\u00eda de alto rendimiento de la divisi\u00f3n M y el refinamiento absoluto de la Serie 7. Dise\u00f1ado para quienes buscan algo m\u00e1s que un simple traslado, este sed\u00e1n de ultra lujo ofrece [&hellip;]\" \/>\n<meta property=\"og:url\" content=\"https:\/\/www.rentacarcor.cl\/index.php\/bmw\/\" \/>\n<meta property=\"og:site_name\" content=\"Rentacar cor\" \/>\n<meta property=\"article:modified_time\" content=\"2025-11-18T20:12:20+00:00\" \/>\n<meta property=\"og:image\" content=\"https:\/\/www.rentacarcor.cl\/wp-content\/uploads\/2025\/07\/image-2289.png\" \/>\n\t<meta property=\"og:image:width\" content=\"109\" \/>\n\t<meta property=\"og:image:height\" content=\"109\" \/>\n\t<meta property=\"og:image:type\" content=\"image\/png\" \/>\n<meta name=\"twitter:card\" content=\"summary_large_image\" \/>\n<meta name=\"twitter:label1\" content=\"Tiempo de lectura\" \/>\n\t<meta name=\"twitter:data1\" content=\"3 minutos\" \/>\n<script type=\"application\/ld+json\" class=\"yoast-schema-graph\">{\"@context\":\"https:\/\/schema.org\",\"@graph\":[{\"@type\":\"WebPage\",\"@id\":\"https:\/\/www.rentacarcor.cl\/index.php\/bmw\/\",\"url\":\"https:\/\/www.rentacarcor.cl\/index.php\/bmw\/\",\"name\":\"Arrienda un BMW en Santiago - Rentacar cor\",\"isPartOf\":{\"@id\":\"https:\/\/www.rentacarcor.cl\/#website\"},\"primaryImageOfPage\":{\"@id\":\"https:\/\/www.rentacarcor.cl\/index.php\/bmw\/#primaryimage\"},\"image\":{\"@id\":\"https:\/\/www.rentacarcor.cl\/index.php\/bmw\/#primaryimage\"},\"thumbnailUrl\":\"https:\/\/www.rentacarcor.cl\/wp-content\/uploads\/2025\/07\/image-2289.png\",\"datePublished\":\"2025-07-28T17:23:21+00:00\",\"dateModified\":\"2025-11-18T20:12:20+00:00\",\"breadcrumb\":{\"@id\":\"https:\/\/www.rentacarcor.cl\/index.php\/bmw\/#breadcrumb\"},\"inLanguage\":\"es\",\"potentialAction\":[{\"@type\":\"ReadAction\",\"target\":[\"https:\/\/www.rentacarcor.cl\/index.php\/bmw\/\"]}]},{\"@type\":\"ImageObject\",\"inLanguage\":\"es\",\"@id\":\"https:\/\/www.rentacarcor.cl\/index.php\/bmw\/#primaryimage\",\"url\":\"https:\/\/www.rentacarcor.cl\/wp-content\/uploads\/2025\/07\/image-2289.png\",\"contentUrl\":\"https:\/\/www.rentacarcor.cl\/wp-content\/uploads\/2025\/07\/image-2289.png\",\"width\":109,\"height\":109},{\"@type\":\"BreadcrumbList\",\"@id\":\"https:\/\/www.rentacarcor.cl\/index.php\/bmw\/#breadcrumb\",\"itemListElement\":[{\"@type\":\"ListItem\",\"position\":1,\"name\":\"Portada\",\"item\":\"https:\/\/www.rentacarcor.cl\/\"},{\"@type\":\"ListItem\",\"position\":2,\"name\":\"Arrienda un BMW en Santiago\"}]},{\"@type\":\"WebSite\",\"@id\":\"https:\/\/www.rentacarcor.cl\/#website\",\"url\":\"https:\/\/www.rentacarcor.cl\/\",\"name\":\"Rentacar cor\",\"description\":\"Rentacar Cor es una empresa de alquiler de veh\u00edculos de lujo ubicada en Santiago, Chile. Ofrece una amplia gama de autos, incluyendo marcas como BMW y Rolls Royce, para diversos servicios como tours por la ciudad, traslados al aeropuerto, y eventos especiales. Adem\u00e1s, cuentan con seguimiento GPS para seguridad en todos sus veh\u00edculos.\",\"publisher\":{\"@id\":\"https:\/\/www.rentacarcor.cl\/#organization\"},\"potentialAction\":[{\"@type\":\"SearchAction\",\"target\":{\"@type\":\"EntryPoint\",\"urlTemplate\":\"https:\/\/www.rentacarcor.cl\/?s={search_term_string}\"},\"query-input\":{\"@type\":\"PropertyValueSpecification\",\"valueRequired\":true,\"valueName\":\"search_term_string\"}}],\"inLanguage\":\"es\"},{\"@type\":\"Organization\",\"@id\":\"https:\/\/www.rentacarcor.cl\/#organization\",\"name\":\"Rentacar cor\",\"url\":\"https:\/\/www.rentacarcor.cl\/\",\"logo\":{\"@type\":\"ImageObject\",\"inLanguage\":\"es\",\"@id\":\"https:\/\/www.rentacarcor.cl\/#\/schema\/logo\/image\/\",\"url\":\"https:\/\/www.rentacarcor.cl\/wp-content\/uploads\/2021\/02\/logo.jpg\",\"contentUrl\":\"https:\/\/www.rentacarcor.cl\/wp-content\/uploads\/2021\/02\/logo.jpg\",\"width\":209,\"height\":39,\"caption\":\"Rentacar cor\"},\"image\":{\"@id\":\"https:\/\/www.rentacarcor.cl\/#\/schema\/logo\/image\/\"}}]}<\/script>\n<!-- \/ Yoast SEO plugin. -->","yoast_head_json":{"title":"Arrienda un BMW en Santiago - Rentacar cor","robots":{"index":"index","follow":"follow","max-snippet":"max-snippet:-1","max-image-preview":"max-image-preview:large","max-video-preview":"max-video-preview:-1"},"canonical":"https:\/\/www.rentacarcor.cl\/index.php\/bmw\/","og_locale":"es_ES","og_type":"article","og_title":"Arrienda un BMW en Santiago - Rentacar cor","og_description":"Arrienda nuestro BMW M760 Li: Potencia y Exclusividad al Servicio del Transporte de Lujo. El BMW M760Li representa la uni\u00f3n perfecta entre la ingenier\u00eda de alto rendimiento de la divisi\u00f3n M y el refinamiento absoluto de la Serie 7. Dise\u00f1ado para quienes buscan algo m\u00e1s que un simple traslado, este sed\u00e1n de ultra lujo ofrece [&hellip;]","og_url":"https:\/\/www.rentacarcor.cl\/index.php\/bmw\/","og_site_name":"Rentacar cor","article_modified_time":"2025-11-18T20:12:20+00:00","og_image":[{"width":109,"height":109,"url":"https:\/\/www.rentacarcor.cl\/wp-content\/uploads\/2025\/07\/image-2289.png","type":"image\/png"}],"twitter_card":"summary_large_image","twitter_misc":{"Tiempo de lectura":"3 minutos"},"schema":{"@context":"https:\/\/schema.org","@graph":[{"@type":"WebPage","@id":"https:\/\/www.rentacarcor.cl\/index.php\/bmw\/","url":"https:\/\/www.rentacarcor.cl\/index.php\/bmw\/","name":"Arrienda un BMW en Santiago - Rentacar cor","isPartOf":{"@id":"https:\/\/www.rentacarcor.cl\/#website"},"primaryImageOfPage":{"@id":"https:\/\/www.rentacarcor.cl\/index.php\/bmw\/#primaryimage"},"image":{"@id":"https:\/\/www.rentacarcor.cl\/index.php\/bmw\/#primaryimage"},"thumbnailUrl":"https:\/\/www.rentacarcor.cl\/wp-content\/uploads\/2025\/07\/image-2289.png","datePublished":"2025-07-28T17:23:21+00:00","dateModified":"2025-11-18T20:12:20+00:00","breadcrumb":{"@id":"https:\/\/www.rentacarcor.cl\/index.php\/bmw\/#breadcrumb"},"inLanguage":"es","potentialAction":[{"@type":"ReadAction","target":["https:\/\/www.rentacarcor.cl\/index.php\/bmw\/"]}]},{"@type":"ImageObject","inLanguage":"es","@id":"https:\/\/www.rentacarcor.cl\/index.php\/bmw\/#primaryimage","url":"https:\/\/www.rentacarcor.cl\/wp-content\/uploads\/2025\/07\/image-2289.png","contentUrl":"https:\/\/www.rentacarcor.cl\/wp-content\/uploads\/2025\/07\/image-2289.png","width":109,"height":109},{"@type":"BreadcrumbList","@id":"https:\/\/www.rentacarcor.cl\/index.php\/bmw\/#breadcrumb","itemListElement":[{"@type":"ListItem","position":1,"name":"Portada","item":"https:\/\/www.rentacarcor.cl\/"},{"@type":"ListItem","position":2,"name":"Arrienda un BMW en Santiago"}]},{"@type":"WebSite","@id":"https:\/\/www.rentacarcor.cl\/#website","url":"https:\/\/www.rentacarcor.cl\/","name":"Rentacar cor","description":"Rentacar Cor es una empresa de alquiler de veh\u00edculos de lujo ubicada en Santiago, Chile. Ofrece una amplia gama de autos, incluyendo marcas como BMW y Rolls Royce, para diversos servicios como tours por la ciudad, traslados al aeropuerto, y eventos especiales. Adem\u00e1s, cuentan con seguimiento GPS para seguridad en todos sus veh\u00edculos.","publisher":{"@id":"https:\/\/www.rentacarcor.cl\/#organization"},"potentialAction":[{"@type":"SearchAction","target":{"@type":"EntryPoint","urlTemplate":"https:\/\/www.rentacarcor.cl\/?s={search_term_string}"},"query-input":{"@type":"PropertyValueSpecification","valueRequired":true,"valueName":"search_term_string"}}],"inLanguage":"es"},{"@type":"Organization","@id":"https:\/\/www.rentacarcor.cl\/#organization","name":"Rentacar cor","url":"https:\/\/www.rentacarcor.cl\/","logo":{"@type":"ImageObject","inLanguage":"es","@id":"https:\/\/www.rentacarcor.cl\/#\/schema\/logo\/image\/","url":"https:\/\/www.rentacarcor.cl\/wp-content\/uploads\/2021\/02\/logo.jpg","contentUrl":"https:\/\/www.rentacarcor.cl\/wp-content\/uploads\/2021\/02\/logo.jpg","width":209,"height":39,"caption":"Rentacar cor"},"image":{"@id":"https:\/\/www.rentacarcor.cl\/#\/schema\/logo\/image\/"}}]}},"_links":{"self":[{"href":"https:\/\/www.rentacarcor.cl\/index.php\/wp-json\/wp\/v2\/pages\/2459","targetHints":{"allow":["GET"]}}],"collection":[{"href":"https:\/\/www.rentacarcor.cl\/index.php\/wp-json\/wp\/v2\/pages"}],"about":[{"href":"https:\/\/www.rentacarcor.cl\/index.php\/wp-json\/wp\/v2\/types\/page"}],"author":[{"embeddable":true,"href":"https:\/\/www.rentacarcor.cl\/index.php\/wp-json\/wp\/v2\/users\/2"}],"replies":[{"embeddable":true,"href":"https:\/\/www.rentacarcor.cl\/index.php\/wp-json\/wp\/v2\/comments?post=2459"}],"version-history":[{"count":28,"href":"https:\/\/www.rentacarcor.cl\/index.php\/wp-json\/wp\/v2\/pages\/2459\/revisions"}],"predecessor-version":[{"id":2604,"href":"https:\/\/www.rentacarcor.cl\/index.php\/wp-json\/wp\/v2\/pages\/2459\/revisions\/2604"}],"wp:attachment":[{"href":"https:\/\/www.rentacarcor.cl\/index.php\/wp-json\/wp\/v2\/media?parent=2459"}],"curies":[{"name":"wp","href":"https:\/\/api.w.org\/{rel}","templated":true}]}}